{"version":"1.0","provider_name":"Vitamin G \u2013 f\u00fcr Health Professionals mit Weitblick","provider_url":"https:\/\/blog.zhaw.ch\/vitamin-g","author_name":"Vitamin G","author_url":"https:\/\/blog.zhaw.ch\/vitamin-g\/author\/lipu\/","title":"\u00abWir alle tragen unsere kulturelle Brille\u00bb","type":"rich","width":600,"height":338,"html":"<blockquote class=\"wp-embedded-content\" data-secret=\"2pIC69STJ8\"><a href=\"https:\/\/blog.zhaw.ch\/vitamin-g\/wir-alle-tragen-unsere-kulturelle-brille\/\">\u00abWir alle tragen unsere kulturelle Brille\u00bb<\/a><\/blockquote><iframe sandbox=\"allow-scripts\" security=\"restricted\" src=\"https:\/\/blog.zhaw.ch\/vitamin-g\/wir-alle-tragen-unsere-kulturelle-brille\/embed\/#?secret=2pIC69STJ8\" width=\"600\" height=\"338\" title=\"&#8222;\u00abWir alle tragen unsere kulturelle Brille\u00bb&#8220; &#8211; Vitamin G \u2013 f\u00fcr Health Professionals mit Weitblick\" data-secret=\"2pIC69STJ8\" frameborder=\"0\" marginwidth=\"0\" marginheight=\"0\" scrolling=\"no\" class=\"wp-embedded-content\"><\/iframe><script>\n\/*! This file is auto-generated *\/\n!function(d,l){\"use strict\";l.querySelector&&d.addEventListener&&\"undefined\"!=typeof URL&&(d.wp=d.wp||{},d.wp.receiveEmbedMessage||(d.wp.receiveEmbedMessage=function(e){var t=e.data;if((t||t.secret||t.message||t.value)&&!\/[^a-zA-Z0-9]\/.test(t.secret)){for(var s,r,n,a=l.querySelectorAll('iframe[data-secret=\"'+t.secret+'\"]'),o=l.querySelectorAll('blockquote[data-secret=\"'+t.secret+'\"]'),c=new RegExp(\"^https?:$\",\"i\"),i=0;i<o.length;i++)o[i].style.display=\"none\";for(i=0;i<a.length;i++)s=a[i],e.source===s.contentWindow&&(s.removeAttribute(\"style\"),\"height\"===t.message?(1e3<(r=parseInt(t.value,10))?r=1e3:~~r<200&&(r=200),s.height=r):\"link\"===t.message&&(r=new URL(s.getAttribute(\"src\")),n=new URL(t.value),c.test(n.protocol))&&n.host===r.host&&l.activeElement===s&&(d.top.location.href=t.value))}},d.addEventListener(\"message\",d.wp.receiveEmbedMessage,!1),l.addEventListener(\"DOMContentLoaded\",function(){for(var e,t,s=l.querySelectorAll(\"iframe.wp-embedded-content\"),r=0;r<s.length;r++)(t=(e=s[r]).getAttribute(\"data-secret\"))||(t=Math.random().toString(36).substring(2,12),e.src+=\"#?secret=\"+t,e.setAttribute(\"data-secret\",t)),e.contentWindow.postMessage({message:\"ready\",secret:t},\"*\")},!1)))}(window,document);\n\/\/# sourceURL=https:\/\/blog.zhaw.ch\/vitamin-g\/wp-includes\/js\/wp-embed.min.js\n<\/script>\n","thumbnail_url":"http:\/\/blog.zhaw.ch\/vitamin-g\/files\/2024\/05\/2023-16-vitamin-g-kulturelle-brille.jpg","thumbnail_width":2000,"thumbnail_height":1000,"description":"Das Schweizer Gesundheitswesen ist gepr\u00e4gt durch einen hohen Anteil ausl\u00e4ndischer Fachkr\u00e4fte. Die kulturelle Vielfalt hat Vorteile \u2013 bringt aber auch Herausforderungen mit sich. Um sie zu meistern, ben\u00f6tigen Gesundheitsfachleute interkulturelle Kompetenzen. Diese werden in Ausbildung und Praxis aber noch zu wenig gef\u00f6rdert."}