{"version":"1.0","provider_name":"Vitamin G \u2013 f\u00fcr Health Professionals mit Weitblick","provider_url":"https:\/\/blog.zhaw.ch\/vitamin-g","author_name":"Vitamin G","author_url":"https:\/\/blog.zhaw.ch\/vitamin-g\/author\/funp\/","title":"MEINUNG: AMBULANTE PFLEGE HAT IHREN PREIS","type":"rich","width":600,"height":338,"html":"<blockquote class=\"wp-embedded-content\" data-secret=\"WRxpgdC0Cw\"><a href=\"https:\/\/blog.zhaw.ch\/vitamin-g\/meinung-ambulante-pflege-hat-ihren-preis\/\">MEINUNG: AMBULANTE PFLEGE HAT IHREN PREIS<\/a><\/blockquote><iframe sandbox=\"allow-scripts\" security=\"restricted\" src=\"https:\/\/blog.zhaw.ch\/vitamin-g\/meinung-ambulante-pflege-hat-ihren-preis\/embed\/#?secret=WRxpgdC0Cw\" width=\"600\" height=\"338\" title=\"&#8222;MEINUNG: AMBULANTE PFLEGE HAT IHREN PREIS&#8220; &#8211; Vitamin G \u2013 f\u00fcr Health Professionals mit Weitblick\" data-secret=\"WRxpgdC0Cw\" frameborder=\"0\" marginwidth=\"0\" marginheight=\"0\" scrolling=\"no\" class=\"wp-embedded-content\"><\/iframe><script>\n\/*! This file is auto-generated *\/\n!function(d,l){\"use strict\";l.querySelector&&d.addEventListener&&\"undefined\"!=typeof URL&&(d.wp=d.wp||{},d.wp.receiveEmbedMessage||(d.wp.receiveEmbedMessage=function(e){var t=e.data;if((t||t.secret||t.message||t.value)&&!\/[^a-zA-Z0-9]\/.test(t.secret)){for(var s,r,n,a=l.querySelectorAll('iframe[data-secret=\"'+t.secret+'\"]'),o=l.querySelectorAll('blockquote[data-secret=\"'+t.secret+'\"]'),c=new RegExp(\"^https?:$\",\"i\"),i=0;i<o.length;i++)o[i].style.display=\"none\";for(i=0;i<a.length;i++)s=a[i],e.source===s.contentWindow&&(s.removeAttribute(\"style\"),\"height\"===t.message?(1e3<(r=parseInt(t.value,10))?r=1e3:~~r<200&&(r=200),s.height=r):\"link\"===t.message&&(r=new URL(s.getAttribute(\"src\")),n=new URL(t.value),c.test(n.protocol))&&n.host===r.host&&l.activeElement===s&&(d.top.location.href=t.value))}},d.addEventListener(\"message\",d.wp.receiveEmbedMessage,!1),l.addEventListener(\"DOMContentLoaded\",function(){for(var e,t,s=l.querySelectorAll(\"iframe.wp-embedded-content\"),r=0;r<s.length;r++)(t=(e=s[r]).getAttribute(\"data-secret\"))||(t=Math.random().toString(36).substring(2,12),e.src+=\"#?secret=\"+t,e.setAttribute(\"data-secret\",t)),e.contentWindow.postMessage({message:\"ready\",secret:t},\"*\")},!1)))}(window,document);\n\/\/# sourceURL=https:\/\/blog.zhaw.ch\/vitamin-g\/wp-includes\/js\/wp-embed.min.js\n<\/script>\n","thumbnail_url":"https:\/\/blog.zhaw.ch\/vitamin-g\/files\/2018\/11\/2018-5-meinung-head.jpg","thumbnail_width":940,"thumbnail_height":350,"description":"Von&nbsp;DANIELA H\u00c4NDLER-SCHUSTER , Professorin f\u00fcr gemeindenahe, integrierte Pflege. Die spitalexterne Pflege ist derjenige Bereich des Gesundheitswesens, der in den Industriel\u00e4ndern&nbsp;am st\u00e4rksten w\u00e4chst. Die Gr\u00fcnde sind einerseits die vermehrte Betreuung von Klientinnen und Klienten zu Hause, andererseits die aufgrund der demografischen Entwicklung wachsende Anzahl \u00e4lterer Personen. Die Lebenserwartung steigt und mit ihr auch das Risiko, im [&hellip;]"}