{"version":"1.0","provider_name":"Wissen, was Kommunikation bewegt","provider_url":"https:\/\/blog.zhaw.ch\/iam","author_name":"Vinzenz Wyss","author_url":"https:\/\/blog.zhaw.ch\/iam\/author\/wysv\/","title":"Von der Sehnsucht nach Gemeinschaft","type":"rich","width":600,"height":338,"html":"<blockquote class=\"wp-embedded-content\" data-secret=\"nNvuctFpuH\"><a href=\"https:\/\/blog.zhaw.ch\/iam\/von-der-sehnsucht-nach-gemeinschaft\/\">Von der Sehnsucht nach Gemeinschaft<\/a><\/blockquote><iframe sandbox=\"allow-scripts\" security=\"restricted\" src=\"https:\/\/blog.zhaw.ch\/iam\/von-der-sehnsucht-nach-gemeinschaft\/embed\/#?secret=nNvuctFpuH\" width=\"600\" height=\"338\" title=\"&#8222;Von der Sehnsucht nach Gemeinschaft&#8220; &#8211; Wissen, was Kommunikation bewegt\" data-secret=\"nNvuctFpuH\" frameborder=\"0\" marginwidth=\"0\" marginheight=\"0\" scrolling=\"no\" class=\"wp-embedded-content\"><\/iframe><script>\n\/*! This file is auto-generated *\/\n!function(d,l){\"use strict\";l.querySelector&&d.addEventListener&&\"undefined\"!=typeof URL&&(d.wp=d.wp||{},d.wp.receiveEmbedMessage||(d.wp.receiveEmbedMessage=function(e){var t=e.data;if((t||t.secret||t.message||t.value)&&!\/[^a-zA-Z0-9]\/.test(t.secret)){for(var s,r,n,a=l.querySelectorAll('iframe[data-secret=\"'+t.secret+'\"]'),o=l.querySelectorAll('blockquote[data-secret=\"'+t.secret+'\"]'),c=new RegExp(\"^https?:$\",\"i\"),i=0;i<o.length;i++)o[i].style.display=\"none\";for(i=0;i<a.length;i++)s=a[i],e.source===s.contentWindow&&(s.removeAttribute(\"style\"),\"height\"===t.message?(1e3<(r=parseInt(t.value,10))?r=1e3:~~r<200&&(r=200),s.height=r):\"link\"===t.message&&(r=new URL(s.getAttribute(\"src\")),n=new URL(t.value),c.test(n.protocol))&&n.host===r.host&&l.activeElement===s&&(d.top.location.href=t.value))}},d.addEventListener(\"message\",d.wp.receiveEmbedMessage,!1),l.addEventListener(\"DOMContentLoaded\",function(){for(var e,t,s=l.querySelectorAll(\"iframe.wp-embedded-content\"),r=0;r<s.length;r++)(t=(e=s[r]).getAttribute(\"data-secret\"))||(t=Math.random().toString(36).substring(2,12),e.src+=\"#?secret=\"+t,e.setAttribute(\"data-secret\",t)),e.contentWindow.postMessage({message:\"ready\",secret:t},\"*\")},!1)))}(window,document);\n\/\/# sourceURL=https:\/\/blog.zhaw.ch\/iam\/wp-includes\/js\/wp-embed.min.js\n<\/script>\n","thumbnail_url":"https:\/\/blog.zhaw.ch\/iam\/files\/2014\/08\/Gemeinschaft.jpg","thumbnail_width":644,"thumbnail_height":429,"description":"Als wissenschaftlicher Programmentwickler bin ich stark involviert bei der Konzeption und Durchf\u00fchrung des neuen Zertifikatlehrgangs am IAM, CAS Community Communication (siehe Infobox). Ich bin quasi f\u00fcr die wissenschaftliche Erdung des Programms verantwortlich. Doch was um Himmels Willen bringt einen Professor f\u00fcr Journalistik dazu, sich in einem Kurs f\u00fcr Kommunikationsverantwortliche zu engagieren? Das fragen mich immer [&hellip;]"}